{"id":9724,"date":"2020-04-06T09:57:26","date_gmt":"2020-04-06T09:57:26","guid":{"rendered":"https:\/\/hijasdesanjose.org\/?post_type=fw-portfolio&#038;p=9724"},"modified":"2021-04-05T15:40:10","modified_gmt":"2021-04-05T15:40:10","slug":"miercoles-santo","status":"publish","type":"fw-portfolio","link":"https:\/\/hijasdesanjose.org\/en\/project\/miercoles-santo\/","title":{"rendered":"Mi\u00e9rcoles Santo"},"content":{"rendered":"<p>[vc_row][vc_column width=&#8221;1\/6&#8243;][\/vc_column][vc_column width=&#8221;4\/6&#8243;][vc_column_text]<\/p>\n<div class=\"wp-block-file\"><a href=\"https:\/\/hijasdesanjose.org\/wp-content\/uploads\/2020\/04\/MIERCOLES-SANTO-WEB-FSJ.pdf\">MIERCOLES-SANTO-WEB-FSJ<\/a><a class=\"wp-block-file__button\" href=\"https:\/\/hijasdesanjose.org\/wp-content\/uploads\/2020\/04\/MIERCOLES-SANTO-WEB-FSJ.pdf\" download=\"\">Descarga la oraci\u00f3n completa<\/a><\/div>\n<p>&nbsp;<\/p>\n<p><strong>PALABRA DE DIOS: Mt 26,14-25<\/strong><\/p>\n<p>En aquel tiempo, uno de los Doce, llamado Judas Iscariote, a los sumos sacerdotes y les propuso: \u00ab\u00bfQu\u00e9 est\u00e1is dispuestos a darme, si os lo entrego?\u00bb<br \/>Ellos se ajustaron con \u00e9l en treinta monedas. Y desde entonces andaba buscando ocasi\u00f3n propicia para entregarlo.<br \/>El primer d\u00eda de los \u00c1zimos se acercaron los disc\u00edpulos a Jes\u00fas y le preguntaron: \u00ab\u00bfD\u00f3nde quieres que te preparemos la cena de Pascua?\u00bb<br \/>\u00c9l contest\u00f3: \u00abId a la ciudad, a casa de Fulano, y decidle: &#8220;El Maestro dice: Mi momento est\u00e1 cerca; deseo celebrar la Pascua en tu casa con mis disc\u00edpulos.&#8221;\u00bb<br \/>Los disc\u00edpulos cumplieron las instrucciones de Jes\u00fas y prepararon la Pascua. Al atardecer se puso a la mesa con los Doce.<br \/>Mientras com\u00edan dijo: \u00abOs aseguro que uno de vosotros me va a entregar.\u00bb<br \/>Ellos, consternados, se pusieron a preguntarle uno tras otro: \u00ab\u00bfSoy yo acaso, Se\u00f1or?\u00bb<br \/>\u00c9l respondi\u00f3: \u00abEl que ha mojado en la misma fuente que yo, \u00e9se me va a entregar. El Hijo del hombre se va, como est\u00e1 escrito de \u00e9l; pero, \u00a1ay del que va a entregar al Hijo del hombre!; m\u00e1s le valdr\u00eda no haber nacido.\u00bb<br \/>Entonces pregunt\u00f3 Judas, el que lo iba a entregar: \u00ab\u00bfSoy yo acaso, Maestro?\u00bb<br \/>\u00c9l respondi\u00f3: \u00abT\u00fa lo has dicho.\u00bb<\/p>\n<strong>PISTAS PARA PROFUNDIZAR <\/strong><\/p>\n<p><strong>\u00a0<\/strong><strong>\u00bfSoy yo, acaso, Maestro? <\/strong>Esta es la pregunta que nos interpela en el evangelio de hoy, pregunta que surge ante la consciencia de nuestra fragilidad y limitaci\u00f3n. Esta es la condici\u00f3n de nuestra relaci\u00f3n con Dios, as\u00ed como la de Judas con Jes\u00fas, porque tristemente, nuestra vida es un constante romper esa relaci\u00f3n de amistad con Dios.<\/p>\n<p>S\u00ed, Jes\u00fas estaba a la mesa con sus amigos, esos amigos que \u00c9l mismo eligi\u00f3, por los que entregar\u00eda su vida. Y uno de ellos es quien lo entrega por treinta monedas. Y t\u00fa, \u00bfcu\u00e1ntas veces y por qu\u00e9 moneda <em>has entregado<\/em> a Dios?&#8230; Por un trabajo que te quita la vida y te impide <em>estar<\/em> para otros, por un vicio, por un amor desordenado, por placeres vanos y pasajeros que no dejan nada.<\/p>\n<p>Dios sabe qui\u00e9nes somos y que nuestra debilidad nos aleja de \u00c9l. Pero, a diferencia de Judas, no perdamos nunca la esperanza. Dios est\u00e1 dispuesto a recibirnos siempre, amorosamente, cuando decidamos renovar nuestra amistad.<\/p>\n<p>En este mi\u00e9rcoles santo, como Familia Josefina, podemos dedicar unos momentos a contemplar la diferencia entre dos opciones radicalmente distintas: la de Jos\u00e9 de Nazaret y la de Judas Iscariote.<\/p>\n<p>Jos\u00e9, el hombre que amorosamente decide aceptar la voluntad de Dios en su vida, sin m\u00e1s seguridad que la pura fe; figura silenciosa que act\u00faa, que <em>hace<\/em> lo que Dios le pide, a\u00fan sin entenderlo, y entrega confiadamente su vida al plan de salvaci\u00f3n.<\/p>\n<p>Judas, en cambio, al no entender el plan de Dios, al sentir que no era lo que \u00e9l esperaba, se deja llevar por la incredulidad y la codicia, rompiendo su relaci\u00f3n de amistad con Jes\u00fas. Jam\u00e1s un beso fue tan amargo.<\/p>\n<p>En estos momentos de angustia e incertidumbre, en los que humanamente no se entiende qu\u00e9 \u00a0podemos sacar de todo lo que pasa a nuestro alrededor, solo nos queda seguir la actitud de San Jos\u00e9: decir s\u00ed al amor de Dios desde el silencio de la oraci\u00f3n y la contundencia de la acci\u00f3n.\u00a0<\/p>\n\n<figure class=\"wp-block-embed-youtube wp-block-embed is-type-video is-provider-youtube wp-embed-aspect-16-9 wp-has-aspect-ratio\">\n<div class=\"wp-block-embed__wrapper\">\u00a0<\/div>\n<\/figure>\n\n<p><strong>INVITACI\u00d3N \u00a0A LA ACCI\u00d3N:<\/strong><\/p>\n<p>En este mi\u00e9rcoles santo, en medio de esta experiencia de cuarentena, es importante ayudarnos y hacernos presentes unos a otros. Podemos llamar a un amigo para acompa\u00f1arlo en la distancia y que sienta mi presencia en su vida; decirle lo mucho que significa su amistad para m\u00ed.<\/p>\n<!-- \/wp:post-content -->\n<!-- wp:image {\"align\":\"center\",\"id\":9727,\"sizeSlug\":\"large\"} -->\n<div class=\"wp-block-image\">\u00a0<\/div>\n<!-- \/wp:image -->\n<p>&nbsp;<\/p>\n<p>[\/vc_column_text][\/vc_column][vc_column width=&#8221;1\/6&#8243;][\/vc_column][\/vc_row][vc_row][vc_column width=&#8221;1\/6&#8243;][\/vc_column][vc_column width=&#8221;4\/6&#8243;][vc_video link=&#8221;https:\/\/www.youtube.com\/watch?v=YpRr3218ssQ&#8221;][\/vc_column][vc_column width=&#8221;1\/6&#8243;][\/vc_column][\/vc_row]<\/p>\n","protected":false},"excerpt":{"rendered":"<p>[vc_row][vc_column width=&#8221;1\/6&#8243;][\/vc_column][vc_column width=&#8221;4\/6&#8243;][vc_column_text]PALABRA DE DIOS: Mt 26,14-25 En aquel tiempo, uno de los Doce, llamado Judas Iscariote, a los sumos&hellip;<\/p>\n","protected":false},"featured_media":9727,"comment_status":"open","ping_status":"closed","template":"","class_list":["post-9724","fw-portfolio","type-fw-portfolio","status-publish","has-post-thumbnail","hentry","fw-portfolio-category-pascua2020"],"_links":{"self":[{"href":"https:\/\/hijasdesanjose.org\/en\/wp-json\/wp\/v2\/fw-portfolio\/9724","targetHints":{"allow":["GET"]}}],"collection":[{"href":"https:\/\/hijasdesanjose.org\/en\/wp-json\/wp\/v2\/fw-portfolio"}],"about":[{"href":"https:\/\/hijasdesanjose.org\/en\/wp-json\/wp\/v2\/types\/fw-portfolio"}],"replies":[{"embeddable":true,"href":"https:\/\/hijasdesanjose.org\/en\/wp-json\/wp\/v2\/comments?post=9724"}],"version-history":[{"count":5,"href":"https:\/\/hijasdesanjose.org\/en\/wp-json\/wp\/v2\/fw-portfolio\/9724\/revisions"}],"predecessor-version":[{"id":16384,"href":"https:\/\/hijasdesanjose.org\/en\/wp-json\/wp\/v2\/fw-portfolio\/9724\/revisions\/16384"}],"wp:featuredmedia":[{"embeddable":true,"href":"https:\/\/hijasdesanjose.org\/en\/wp-json\/wp\/v2\/media\/9727"}],"wp:attachment":[{"href":"https:\/\/hijasdesanjose.org\/en\/wp-json\/wp\/v2\/media?parent=9724"}],"curies":[{"name":"wp","href":"https:\/\/api.w.org\/{rel}","templated":true}]}}