{"id":13368,"date":"2020-12-05T00:02:49","date_gmt":"2020-12-05T00:02:49","guid":{"rendered":"https:\/\/hijasdesanjose.org\/?page_id=13368"},"modified":"2020-12-05T00:17:39","modified_gmt":"2020-12-05T00:17:39","slug":"encuentro-de-talleres-2020-dia-7","status":"publish","type":"page","link":"https:\/\/hijasdesanjose.org\/en\/encuentro-de-talleres-2020-dia-7\/","title":{"rendered":"Encuentro de Talleres 2020 d\u00eda 7"},"content":{"rendered":"<p>[vc_row][vc_column][vc_custom_heading text=&#8221;Vigilia de la Inmaculada&#8221; font_container=&#8221;tag:h2|text_align:center&#8221; google_fonts=&#8221;font_family:Salsa%3Aregular|font_style:400%20regular%3A400%3Anormal&#8221; css=&#8221;.vc_custom_1607126689457{padding-top: 20px !important;padding-bottom: 20px !important;}&#8221;][vc_column_text]Siempre llama la atenci\u00f3n la fuerza del \u201cs\u00ed\u201d de Mar\u00eda joven. La fuerza de ese \u201ch\u00e1gase\u201d que le dijo al \u00e1ngel. Fue una cosa distinta a una aceptaci\u00f3n pasiva o resignada. Fue algo distinto a un \u201cs\u00ed\u201d como diciendo: bueno, vamos a probar a ver qu\u00e9 pasa. Mar\u00eda no conoc\u00eda esa expresi\u00f3n: vamos a ver qu\u00e9 pasa. Era decidida, supo de qu\u00e9 se trataba y dijo \u201cs\u00ed\u201d, sin vueltas. Fue algo m\u00e1s, fue algo distinto. Fue el \u201cs\u00ed\u201d de quien quiere comprometerse y el que quiere arriesgar, de quien quiere apostarlo todo, sin m\u00e1s seguridad que la certeza de saber que era portadora de una promesa. Y yo pregunto a cada uno de ustedes. \u00bfSe sienten portadores de una promesa? \u00bfQu\u00e9 promesa tengo en el coraz\u00f3n para llevar adelante? Mar\u00eda tendr\u00eda, sin dudas, una misi\u00f3n dif\u00edcil, pero las dificultades no eran una raz\u00f3n para decir \u201cno\u201d. Seguro que tendr\u00eda complicaciones, pero no ser\u00edan las mismas complicaciones que se producen cuando la cobard\u00eda nos paraliza por no tener todo claro o asegurado de antemano. \u00a1Mar\u00eda no compr\u00f3 un seguro de vida! \u00a1Mar\u00eda se la jug\u00f3 y por eso es fuerte, por eso es una <i>influencer<\/i>, es la\u00a0<i>influencer<\/i>\u00a0de Dios! El \u201cs\u00ed\u201d y las ganas de servir fueron m\u00e1s fuertes que las dudas y las dificultades\u00bb.<\/p>\n<p>Mar\u00eda era la chica de alma grande que se estremec\u00eda de alegr\u00eda (cf. <i>Lc<\/i>\u00a01,47), era la jovencita con los ojos iluminados por el Esp\u00edritu Santo que contemplaba la vida con fe y guardaba todo en su coraz\u00f3n de muchacha (cf.\u00a0<i>Lc<\/i>\u00a02,19.51). Era la inquieta, la que se pone continuamente en camino, que cuando supo que su prima la necesitaba no pens\u00f3 en sus propios proyectos, sino que sali\u00f3 hacia la monta\u00f1a \u00absin demora\u00bb (<i>Lc<\/i>\u00a01,39).<\/p>\n<p>Y si hac\u00eda falta proteger a su ni\u00f1o, all\u00e1 iba con Jos\u00e9 a un pa\u00eds lejano (cf. <i>Mt<\/i>\u00a02,13-14). Por eso permaneci\u00f3 junto a los disc\u00edpulos reunidos en oraci\u00f3n esperando al Esp\u00edritu Santo (cf.\u00a0<i>Hch<\/i>\u00a01,14). As\u00ed, con su presencia, naci\u00f3 una Iglesia joven, con sus Ap\u00f3stoles en salida para hacer nacer un mundo nuevo (cf.\u00a0<i>Hch<\/i>\u00a02,4-11).<\/p>\n<p>Aquella muchacha hoy es la Madre que vela por los hijos, estos hijos que caminamos por la vida muchas veces cansados, necesitados, pero queriendo que la luz de la esperanza no se apague. Eso es lo que queremos: que la luz de la esperanza no se apague. Nuestra Madre mira a este pueblo peregrino, pueblo de j\u00f3venes querido por ella, que la busca haciendo silencio en el coraz\u00f3n aunque en el camino haya mucho ruido, conversaciones y distracciones. Pero ante los ojos de la Madre s\u00f3lo cabe el silencio esperanzado.<\/p>\n<p style=\"text-align: center;\">Papa Francisco, Christut Vivit<\/p>\n<p>[\/vc_column_text][\/vc_column][\/vc_row][vc_row][vc_column][vc_video link=&#8221;https:\/\/www.youtube.com\/watch?v=wEK59JJkbyA&#038;t=231s&#8221;][\/vc_column][\/vc_row][vc_row][vc_column][vc_column_text]Con ayuda de las im\u00e1genes y las palabras que acabamos de ver, nos ambientamos para un rato de oraci\u00f3n personal.<\/p>\n<p>Acogemos la Palabra de Dios: Lc 1, 26-38<\/p>\n<p>Entra en di\u00e1logo con Mar\u00eda. Cu\u00e9ntale&#8230; pero, sobre todo, deja que ella te hable, te haga part\u00edcipe de su experiencia, de su manera de abrirse al Esp\u00edritu y acoger el don de Dios.<\/p>\n<p>&nbsp;[\/vc_column_text][\/vc_column][\/vc_row][vc_row][vc_column][vc_video link=&#8221;https:\/\/www.youtube.com\/watch?v=5gfbm_8Ag9s&#8221;][\/vc_column][\/vc_row]<\/p>\n","protected":false},"excerpt":{"rendered":"<p>[vc_row][vc_column][vc_custom_heading text=&#8221;Vigilia de la Inmaculada&#8221; font_container=&#8221;tag:h2|text_align:center&#8221; google_fonts=&#8221;font_family:Salsa%3Aregular|font_style:400%20regular%3A400%3Anormal&#8221; css=&#8221;.vc_custom_1607126689457{padding-top: 20px !important;padding-bottom: 20px !important;}&#8221;][vc_column_text]Siempre llama la atenci\u00f3n la fuerza del \u201cs\u00ed\u201d de&hellip;<\/p>\n","protected":false},"author":1,"featured_media":0,"parent":0,"menu_order":0,"comment_status":"closed","ping_status":"closed","template":"","meta":{"give_campaign_id":0,"_exactmetrics_skip_tracking":false,"_exactmetrics_sitenote_active":false,"_exactmetrics_sitenote_note":"","_exactmetrics_sitenote_category":0,"footnotes":""},"class_list":["post-13368","page","type-page","status-publish","hentry"],"campaignId":"","brizy_media":[],"_links":{"self":[{"href":"https:\/\/hijasdesanjose.org\/en\/wp-json\/wp\/v2\/pages\/13368","targetHints":{"allow":["GET"]}}],"collection":[{"href":"https:\/\/hijasdesanjose.org\/en\/wp-json\/wp\/v2\/pages"}],"about":[{"href":"https:\/\/hijasdesanjose.org\/en\/wp-json\/wp\/v2\/types\/page"}],"author":[{"embeddable":true,"href":"https:\/\/hijasdesanjose.org\/en\/wp-json\/wp\/v2\/users\/1"}],"replies":[{"embeddable":true,"href":"https:\/\/hijasdesanjose.org\/en\/wp-json\/wp\/v2\/comments?post=13368"}],"version-history":[{"count":2,"href":"https:\/\/hijasdesanjose.org\/en\/wp-json\/wp\/v2\/pages\/13368\/revisions"}],"predecessor-version":[{"id":13370,"href":"https:\/\/hijasdesanjose.org\/en\/wp-json\/wp\/v2\/pages\/13368\/revisions\/13370"}],"wp:attachment":[{"href":"https:\/\/hijasdesanjose.org\/en\/wp-json\/wp\/v2\/media?parent=13368"}],"curies":[{"name":"wp","href":"https:\/\/api.w.org\/{rel}","templated":true}]}}