{"id":14873,"date":"2021-02-21T09:26:23","date_gmt":"2021-02-21T09:26:23","guid":{"rendered":"https:\/\/hijasdesanjose.org\/?page_id=14873"},"modified":"2021-03-19T14:56:31","modified_gmt":"2021-03-19T14:56:31","slug":"orar-con-san-jose","status":"publish","type":"page","link":"https:\/\/hijasdesanjose.org\/en\/orar-con-san-jose\/","title":{"rendered":"Orar con San Jos\u00e9"},"content":{"rendered":"<p>[vc_row full_width=&#8221;stretch_row_content_no_spaces&#8221; css=&#8221;.vc_custom_1490366132939{margin-top: 0px !important;padding-top: 0px !important;}&#8221;][vc_column][\/vc_column][\/vc_row][vc_section full_width=&#8221;stretch_row&#8221; video_bg=&#8221;yes&#8221; video_bg_url=&#8221;https:\/\/www.youtube.com\/watch?v=6koL1_SfHV0&amp;feature=youtu.be&#8221; css=&#8221;.vc_custom_1613899983166{padding-top: 20vh !important;padding-bottom: 20vh !important;background-color: #ededed !important;background-position: center !important;background-repeat: no-repeat !important;background-size: cover !important;}&#8221;][vc_row][vc_column offset=&#8221;vc_col-lg-offset-2 vc_col-lg-8 vc_col-md-offset-2 vc_col-md-8&#8243;][vc_icon type=&#8221;linecons&#8221; color=&#8221;black&#8221; align=&#8221;center&#8221; css=&#8221;.vc_custom_1613900348562{margin-bottom: 15px !important;}&#8221;][vc_custom_heading text=&#8221;San Jos\u00e9, orante&#8221; font_container=&#8221;tag:h2|font_size:40px|text_align:center|color:%23000000|line_height:42px&#8221; google_fonts=&#8221;font_family:Raleway%3A100%2C200%2C300%2Cregular%2C500%2C600%2C700%2C800%2C900|font_style:900%20bold%20regular%3A900%3Anormal&#8221; css=&#8221;.vc_custom_1613900259459{margin-top: 0px !important;margin-bottom: 20px !important;}&#8221;][vc_custom_heading text=&#8221;Nos colocamos contigo, para orar al Se\u00f1or, como lo hac\u00edas t\u00fa.&#8221; font_container=&#8221;tag:p|text_align:center|color:%23000000&#8243; google_fonts=&#8221;font_family:Raleway%3A100%2C200%2C300%2Cregular%2C500%2C600%2C700%2C800%2C900|font_style:300%20light%20regular%3A300%3Anormal&#8221;][\/vc_column][\/vc_row][\/vc_section][vc_section full_width=&#8221;stretch_row&#8221; css=&#8221;.vc_custom_1499070262500{padding-top: 45px !important;padding-bottom: 65px !important;}&#8221;][vc_row equal_height=&#8221;yes&#8221; css=&#8221;.vc_custom_1499074674440{margin-top: 30px !important;}&#8221;][vc_column width=&#8221;1\/3&#8243; css=&#8221;.vc_custom_1499134077238{border-top-width: 3px !important;border-right-width: 3px !important;border-bottom-width: 3px !important;border-left-width: 3px !important;padding-top: 30px !important;padding-right: 50px !important;padding-bottom: 30px !important;padding-left: 50px !important;background-color: #ffffff !important;background-position: center !important;background-repeat: no-repeat !important;background-size: cover !important;border-left-color: #fafafa !important;border-left-style: solid !important;border-right-color: #fafafa !important;border-right-style: solid !important;border-top-color: #fafafa !important;border-top-style: solid !important;border-bottom-color: #fafafa !important;border-bottom-style: solid !important;}&#8221; el_class=&#8221;style-ninja-form-inner-custom-ui&#8221;][vc_column_text]<\/p>\n<p style=\"text-align: left;\">&#8220;En la sinagoga, durante la oraci\u00f3n de los Salmos, Jos\u00e9 ciertamente habr\u00e1 o\u00eddo el eco de que el Dios de Israel es un Dios de ternura, que es bueno para todos y \u00absu ternura alcanza a todas las criaturas\u00bb (<i>Sal<\/i> 145,9)&#8221;.<\/p>\n<p style=\"text-align: left;\"><em>Papa Francisco, PATRIS CORDE<\/em><\/p>\n<p>[\/vc_column_text][vc_separator color=&#8221;violet&#8221; align=&#8221;align_left&#8221; border_width=&#8221;3&#8243; el_width=&#8221;50&#8243;][vc_column_text]<\/p>\n<p style=\"text-align: left;\">&#8220;Devoto Patriarca, haced que mi oraci\u00f3n sea atenta, fervorosa y constante como la vuestra&#8221;.<\/p>\n<p style=\"text-align: left;\"><em>F. Buti\u00f1\u00e1, VISITAS AL PATRIARCA SAN JOS\u00c9 (1875)<\/em><\/p>\n<p>[\/vc_column_text][\/vc_column][vc_column width=&#8221;2\/3&#8243; css=&#8221;.vc_custom_1498807227604{background-color: #fafafa !important;}&#8221;]<div  class=\"wpb_theme_custom_element wpb_portfolio_grid\">\n  <div class=\"vc-custom-inner-wrap\">\n    \n    <div class=\"masonry-hybrid-wrap\" data-bears-masonryhybrid=\"{&quot;col&quot;:2,&quot;space&quot;:30,&quot;filter_selector&quot;:&quot;#filter-id-299&quot;,&quot;responsive&quot;:{&quot;860&quot;:{&quot;col&quot;:&quot;2&quot;},&quot;577&quot;:{&quot;col&quot;:&quot;1&quot;}}}\" data-bears-lightgallery=\"{&quot;selector&quot;:&quot;.zoom-item&quot;,&quot;thumbnail&quot;:true}\">\n      <div class=\"grid-sizer\"><\/div>\n      <div class=\"gutter-sizer\"><\/div>\n      <div class=\"grid-item item-skin-default orar san-jose\"><div class=\"item-inner\"><div class=\"portfolio-thumbnail\" style=\"background: #333;\"><img decoding=\"async\" src=\"https:\/\/hijasdesanjose.org\/wp-content\/uploads\/2021\/12\/carving-5633767_1920-614x346.jpg\" alt=\"#\"><\/div><div class=\"entry-content\"><div class=\"cat-meta\"><a href=\"https:\/\/hijasdesanjose.org\/en\/portfolio\/orar\/\" rel=\"tag\">Orar<\/a>, <a href=\"https:\/\/hijasdesanjose.org\/en\/portfolio\/san-jose\/\" rel=\"tag\">San Jos\u00e9<\/a><\/div><a href=\"https:\/\/hijasdesanjose.org\/en\/project\/la-oracion-de-tus-manos\/\" class=\"title-link\"><h2 class=\"title\">La oraci\u00f3n de tus manos<\/h2><\/a><\/div><a href=\"https:\/\/hijasdesanjose.org\/en\/project\/la-oracion-de-tus-manos\/\" class=\"readmore\" title=\"La oraci\u00f3n de tus manos\"><span class=\"ion-ios-plus-empty\"><\/span><\/a><\/div><\/div><div class=\"grid-item item-skin-default san-jose\"><div class=\"item-inner\"><div class=\"portfolio-thumbnail\" style=\"background: #333;\"><img decoding=\"async\" src=\"https:\/\/hijasdesanjose.org\/wp-content\/uploads\/2021\/03\/sagrada-familia-bcn-564x346.jpg\" alt=\"#\"><\/div><div class=\"entry-content\"><div class=\"cat-meta\"><a href=\"https:\/\/hijasdesanjose.org\/en\/portfolio\/san-jose\/\" rel=\"tag\">San Jos\u00e9<\/a><\/div><a href=\"https:\/\/hijasdesanjose.org\/en\/project\/dios-te-salve-jose\/\" class=\"title-link\"><h2 class=\"title\">Dios te salve, Jos\u00e9<\/h2><\/a><\/div><a href=\"https:\/\/hijasdesanjose.org\/en\/project\/dios-te-salve-jose\/\" class=\"readmore\" title=\"Dios te salve, Jos\u00e9\"><span class=\"ion-ios-plus-empty\"><\/span><\/a><\/div><\/div><div class=\"grid-item item-skin-default orar san-jose\"><div class=\"item-inner\"><div class=\"portfolio-thumbnail\" style=\"background: #333;\"><img decoding=\"async\" src=\"https:\/\/hijasdesanjose.org\/wp-content\/uploads\/2021\/03\/father-1633655_1920-614x346.jpg\" alt=\"#\"><\/div><div class=\"entry-content\"><div class=\"cat-meta\"><a href=\"https:\/\/hijasdesanjose.org\/en\/portfolio\/orar\/\" rel=\"tag\">Orar<\/a>, <a href=\"https:\/\/hijasdesanjose.org\/en\/portfolio\/san-jose\/\" rel=\"tag\">San Jos\u00e9<\/a><\/div><a href=\"https:\/\/hijasdesanjose.org\/en\/project\/jose-companero-de-esperanzas\/\" class=\"title-link\"><h2 class=\"title\">Jos\u00e9, compa\u00f1ero de esperanzas<\/h2><\/a><\/div><a href=\"https:\/\/hijasdesanjose.org\/en\/project\/jose-companero-de-esperanzas\/\" class=\"readmore\" title=\"Jos\u00e9, compa\u00f1ero de esperanzas\"><span class=\"ion-ios-plus-empty\"><\/span><\/a><\/div><\/div><div class=\"grid-item item-skin-default orar san-jose\"><div class=\"item-inner\"><div class=\"portfolio-thumbnail\" style=\"background: #333;\"><img decoding=\"async\" src=\"https:\/\/hijasdesanjose.org\/wp-content\/uploads\/2021\/03\/people-850097_1920-614x346.jpg\" alt=\"#\"><\/div><div class=\"entry-content\"><div class=\"cat-meta\"><a href=\"https:\/\/hijasdesanjose.org\/en\/portfolio\/orar\/\" rel=\"tag\">Orar<\/a>, <a href=\"https:\/\/hijasdesanjose.org\/en\/portfolio\/san-jose\/\" rel=\"tag\">San Jos\u00e9<\/a><\/div><a href=\"https:\/\/hijasdesanjose.org\/en\/project\/apoyo-de-los-que-no-tienen-trabajo\/\" class=\"title-link\"><h2 class=\"title\">Apoyo de los que no tienen trabajo<\/h2><\/a><\/div><a href=\"https:\/\/hijasdesanjose.org\/en\/project\/apoyo-de-los-que-no-tienen-trabajo\/\" class=\"readmore\" title=\"Apoyo de los que no tienen trabajo\"><span class=\"ion-ios-plus-empty\"><\/span><\/a><\/div><\/div><div class=\"grid-item item-skin-default orar san-jose\"><div class=\"item-inner\"><div class=\"portfolio-thumbnail\" style=\"background: #333;\"><img decoding=\"async\" src=\"https:\/\/hijasdesanjose.org\/wp-content\/uploads\/2021\/03\/people-5365324_1920-614x346.jpg\" alt=\"#\"><\/div><div class=\"entry-content\"><div class=\"cat-meta\"><a href=\"https:\/\/hijasdesanjose.org\/en\/portfolio\/orar\/\" rel=\"tag\">Orar<\/a>, <a href=\"https:\/\/hijasdesanjose.org\/en\/portfolio\/san-jose\/\" rel=\"tag\">San Jos\u00e9<\/a><\/div><a href=\"https:\/\/hijasdesanjose.org\/en\/project\/con-jose-mi-amigo\/\" class=\"title-link\"><h2 class=\"title\">Con Jos\u00e9, mi amigo<\/h2><\/a><\/div><a href=\"https:\/\/hijasdesanjose.org\/en\/project\/con-jose-mi-amigo\/\" class=\"readmore\" title=\"Con Jos\u00e9, mi amigo\"><span class=\"ion-ios-plus-empty\"><\/span><\/a><\/div><\/div><div class=\"grid-item item-skin-default san-jose\"><div class=\"item-inner\"><div class=\"portfolio-thumbnail\" style=\"background: #333;\"><img decoding=\"async\" src=\"https:\/\/hijasdesanjose.org\/wp-content\/uploads\/2021\/03\/worker-2682128_1920-614x346.jpg\" alt=\"#\"><\/div><div class=\"entry-content\"><div class=\"cat-meta\"><a href=\"https:\/\/hijasdesanjose.org\/en\/portfolio\/san-jose\/\" rel=\"tag\">San Jos\u00e9<\/a><\/div><a href=\"https:\/\/hijasdesanjose.org\/en\/project\/protege-a-los-trabajadores\/\" class=\"title-link\"><h2 class=\"title\">Protege a los trabajadores<\/h2><\/a><\/div><a href=\"https:\/\/hijasdesanjose.org\/en\/project\/protege-a-los-trabajadores\/\" class=\"readmore\" title=\"Protege a los trabajadores\"><span class=\"ion-ios-plus-empty\"><\/span><\/a><\/div><\/div><div class=\"grid-item item-skin-default san-jose\"><div class=\"item-inner\"><div class=\"portfolio-thumbnail\" style=\"background: #333;\"><img decoding=\"async\" src=\"https:\/\/hijasdesanjose.org\/wp-content\/uploads\/2021\/03\/dandelion-843587_1280-614x346.jpg\" alt=\"#\"><\/div><div class=\"entry-content\"><div class=\"cat-meta\"><a href=\"https:\/\/hijasdesanjose.org\/en\/portfolio\/san-jose\/\" rel=\"tag\">San Jos\u00e9<\/a><\/div><a href=\"https:\/\/hijasdesanjose.org\/en\/project\/jose-hombre-de-confianza-de-dios\/\" class=\"title-link\"><h2 class=\"title\">Jos\u00e9, hombre de confianza de Dios<\/h2><\/a><\/div><a href=\"https:\/\/hijasdesanjose.org\/en\/project\/jose-hombre-de-confianza-de-dios\/\" class=\"readmore\" title=\"Jos\u00e9, hombre de confianza de Dios\"><span class=\"ion-ios-plus-empty\"><\/span><\/a><\/div><\/div><div class=\"grid-item item-skin-default san-jose\"><div class=\"item-inner\"><div class=\"portfolio-thumbnail\" style=\"background: #333;\"><img decoding=\"async\" src=\"https:\/\/hijasdesanjose.org\/wp-content\/uploads\/2021\/02\/migration-2698946_1920-1-614x346.jpg\" alt=\"#\"><\/div><div class=\"entry-content\"><div class=\"cat-meta\"><a href=\"https:\/\/hijasdesanjose.org\/en\/portfolio\/san-jose\/\" rel=\"tag\">San Jos\u00e9<\/a><\/div><a href=\"https:\/\/hijasdesanjose.org\/en\/project\/jose-hermano-de-los-refugiados\/\" class=\"title-link\"><h2 class=\"title\">Jos\u00e9, hermano de los refugiados<\/h2><\/a><\/div><a href=\"https:\/\/hijasdesanjose.org\/en\/project\/jose-hermano-de-los-refugiados\/\" class=\"readmore\" title=\"Jos\u00e9, hermano de los refugiados\"><span class=\"ion-ios-plus-empty\"><\/span><\/a><\/div><\/div><div class=\"grid-item item-skin-default san-jose\"><div class=\"item-inner\"><div class=\"portfolio-thumbnail\" style=\"background: #333;\"><img decoding=\"async\" src=\"https:\/\/hijasdesanjose.org\/wp-content\/uploads\/2021\/03\/book-2073023_1920-614x346.jpg\" alt=\"#\"><\/div><div class=\"entry-content\"><div class=\"cat-meta\"><a href=\"https:\/\/hijasdesanjose.org\/en\/portfolio\/san-jose\/\" rel=\"tag\">San Jos\u00e9<\/a><\/div><a href=\"https:\/\/hijasdesanjose.org\/en\/project\/con-jose-escuchar-la-palabra\/\" class=\"title-link\"><h2 class=\"title\">Con Jos\u00e9, escuchar la Palabra<\/h2><\/a><\/div><a href=\"https:\/\/hijasdesanjose.org\/en\/project\/con-jose-escuchar-la-palabra\/\" class=\"readmore\" title=\"Con Jos\u00e9, escuchar la Palabra\"><span class=\"ion-ios-plus-empty\"><\/span><\/a><\/div><\/div><div class=\"grid-item item-skin-default orar san-jose\"><div class=\"item-inner\"><div class=\"portfolio-thumbnail\" style=\"background: #333;\"><img decoding=\"async\" src=\"https:\/\/hijasdesanjose.org\/wp-content\/uploads\/2021\/03\/desert-2734363_1920-614x346.jpg\" alt=\"#\"><\/div><div class=\"entry-content\"><div class=\"cat-meta\"><a href=\"https:\/\/hijasdesanjose.org\/en\/portfolio\/orar\/\" rel=\"tag\">Orar<\/a>, <a href=\"https:\/\/hijasdesanjose.org\/en\/portfolio\/san-jose\/\" rel=\"tag\">San Jos\u00e9<\/a><\/div><a href=\"https:\/\/hijasdesanjose.org\/en\/project\/silencioso-jose\/\" class=\"title-link\"><h2 class=\"title\">Silencioso Jos\u00e9<\/h2><\/a><\/div><a href=\"https:\/\/hijasdesanjose.org\/en\/project\/silencioso-jose\/\" class=\"readmore\" title=\"Silencioso Jos\u00e9\"><span class=\"ion-ios-plus-empty\"><\/span><\/a><\/div><\/div><div class=\"grid-item item-skin-default orar san-jose\"><div class=\"item-inner\"><div class=\"portfolio-thumbnail\" style=\"background: #333;\"><img decoding=\"async\" src=\"https:\/\/hijasdesanjose.org\/wp-content\/uploads\/2021\/03\/tool-1314070_1280-614x346.jpg\" alt=\"#\"><\/div><div class=\"entry-content\"><div class=\"cat-meta\"><a href=\"https:\/\/hijasdesanjose.org\/en\/portfolio\/orar\/\" rel=\"tag\">Orar<\/a>, <a href=\"https:\/\/hijasdesanjose.org\/en\/portfolio\/san-jose\/\" rel=\"tag\">San Jos\u00e9<\/a><\/div><a href=\"https:\/\/hijasdesanjose.org\/en\/project\/en-la-oscuridad-del-taller\/\" class=\"title-link\"><h2 class=\"title\">En la oscuridad del taller<\/h2><\/a><\/div><a href=\"https:\/\/hijasdesanjose.org\/en\/project\/en-la-oscuridad-del-taller\/\" class=\"readmore\" title=\"En la oscuridad del taller\"><span class=\"ion-ios-plus-empty\"><\/span><\/a><\/div><\/div><div class=\"grid-item item-skin-default orar san-jose\"><div class=\"item-inner\"><div class=\"portfolio-thumbnail\" style=\"background: #333;\"><img decoding=\"async\" src=\"https:\/\/hijasdesanjose.org\/wp-content\/uploads\/2021\/03\/san-jose-de-nazaret-2-614x346.jpg\" alt=\"#\"><\/div><div class=\"entry-content\"><div class=\"cat-meta\"><a href=\"https:\/\/hijasdesanjose.org\/en\/portfolio\/orar\/\" rel=\"tag\">Orar<\/a>, <a href=\"https:\/\/hijasdesanjose.org\/en\/portfolio\/san-jose\/\" rel=\"tag\">San Jos\u00e9<\/a><\/div><a href=\"https:\/\/hijasdesanjose.org\/en\/project\/con-jose-el-carpintero\/\" class=\"title-link\"><h2 class=\"title\">Con Jos\u00e9, el carpintero<\/h2><\/a><\/div><a href=\"https:\/\/hijasdesanjose.org\/en\/project\/con-jose-el-carpintero\/\" class=\"readmore\" title=\"Con Jos\u00e9, el carpintero\"><span class=\"ion-ios-plus-empty\"><\/span><\/a><\/div><\/div><div class=\"grid-item item-skin-default orar san-jose\"><div class=\"item-inner\"><div class=\"portfolio-thumbnail\" style=\"background: #333;\"><img decoding=\"async\" src=\"https:\/\/hijasdesanjose.org\/wp-content\/uploads\/2021\/03\/man-5734571_1920-614x346.jpg\" alt=\"#\"><\/div><div class=\"entry-content\"><div class=\"cat-meta\"><a href=\"https:\/\/hijasdesanjose.org\/en\/portfolio\/orar\/\" rel=\"tag\">Orar<\/a>, <a href=\"https:\/\/hijasdesanjose.org\/en\/portfolio\/san-jose\/\" rel=\"tag\">San Jos\u00e9<\/a><\/div><a href=\"https:\/\/hijasdesanjose.org\/en\/project\/contigo-jose-cuando-el-trabajo-ha-terminado\/\" class=\"title-link\"><h2 class=\"title\">Cuando el trabajo ha terminado<\/h2><\/a><\/div><a href=\"https:\/\/hijasdesanjose.org\/en\/project\/contigo-jose-cuando-el-trabajo-ha-terminado\/\" class=\"readmore\" title=\"Cuando el trabajo ha terminado\"><span class=\"ion-ios-plus-empty\"><\/span><\/a><\/div><\/div><div class=\"grid-item item-skin-default orar san-jose\"><div class=\"item-inner\"><div class=\"portfolio-thumbnail\" style=\"background: #333;\"><img decoding=\"async\" src=\"https:\/\/hijasdesanjose.org\/wp-content\/uploads\/2021\/02\/CONTRASTE-POSITIVO-1-614x346.jpg\" alt=\"#\"><\/div><div class=\"entry-content\"><div class=\"cat-meta\"><a href=\"https:\/\/hijasdesanjose.org\/en\/portfolio\/orar\/\" rel=\"tag\">Orar<\/a>, <a href=\"https:\/\/hijasdesanjose.org\/en\/portfolio\/san-jose\/\" rel=\"tag\">San Jos\u00e9<\/a><\/div><a href=\"https:\/\/hijasdesanjose.org\/en\/project\/dime-donde-esta\/\" class=\"title-link\"><h2 class=\"title\">Dime d\u00f3nde est\u00e1&#8230;<\/h2><\/a><\/div><a href=\"https:\/\/hijasdesanjose.org\/en\/project\/dime-donde-esta\/\" class=\"readmore\" title=\"Dime d\u00f3nde est\u00e1&#8230;\"><span class=\"ion-ios-plus-empty\"><\/span><\/a><\/div><\/div><div class=\"grid-item item-skin-default orar san-jose\"><div class=\"item-inner\"><div class=\"portfolio-thumbnail\" style=\"background: #333;\"><img decoding=\"async\" src=\"https:\/\/hijasdesanjose.org\/wp-content\/uploads\/2020\/09\/magnifying-glass-479742_1920-614x346.jpg\" alt=\"#\"><\/div><div class=\"entry-content\"><div class=\"cat-meta\"><a href=\"https:\/\/hijasdesanjose.org\/en\/portfolio\/orar\/\" rel=\"tag\">Orar<\/a>, <a href=\"https:\/\/hijasdesanjose.org\/en\/portfolio\/san-jose\/\" rel=\"tag\">San Jos\u00e9<\/a><\/div><a href=\"https:\/\/hijasdesanjose.org\/en\/project\/san-jose-se-nuestro-guardian\/\" class=\"title-link\"><h2 class=\"title\">San Jos\u00e9, s\u00e9 nuestro custodio<\/h2><\/a><\/div><a href=\"https:\/\/hijasdesanjose.org\/en\/project\/san-jose-se-nuestro-guardian\/\" class=\"readmore\" title=\"San Jos\u00e9, s\u00e9 nuestro custodio\"><span class=\"ion-ios-plus-empty\"><\/span><\/a><\/div><\/div><div class=\"grid-item item-skin-default san-jose\"><div class=\"item-inner\"><div class=\"portfolio-thumbnail\" style=\"background: #333;\"><img decoding=\"async\" src=\"https:\/\/hijasdesanjose.org\/wp-content\/uploads\/2021\/02\/manos_carpintero-mitchell-614x346.jpg\" alt=\"#\"><\/div><div class=\"entry-content\"><div class=\"cat-meta\"><a href=\"https:\/\/hijasdesanjose.org\/en\/portfolio\/san-jose\/\" rel=\"tag\">San Jos\u00e9<\/a><\/div><a href=\"https:\/\/hijasdesanjose.org\/en\/project\/servir-con-jose\/\" class=\"title-link\"><h2 class=\"title\">Servir con Jos\u00e9<\/h2><\/a><\/div><a href=\"https:\/\/hijasdesanjose.org\/en\/project\/servir-con-jose\/\" class=\"readmore\" title=\"Servir con Jos\u00e9\"><span class=\"ion-ios-plus-empty\"><\/span><\/a><\/div><\/div><div class=\"grid-item item-skin-default leer orar san-jose\"><div class=\"item-inner\"><div class=\"portfolio-thumbnail\" style=\"background: #333;\"><img decoding=\"async\" src=\"https:\/\/hijasdesanjose.org\/wp-content\/uploads\/2021\/02\/cedars-of-the-lord-5511272_1920-614x346.jpg\" alt=\"#\"><\/div><div class=\"entry-content\"><div class=\"cat-meta\"><a href=\"https:\/\/hijasdesanjose.org\/en\/portfolio\/leer\/\" rel=\"tag\">Leer<\/a>, <a href=\"https:\/\/hijasdesanjose.org\/en\/portfolio\/orar\/\" rel=\"tag\">Orar<\/a>, <a href=\"https:\/\/hijasdesanjose.org\/en\/portfolio\/san-jose\/\" rel=\"tag\">San Jos\u00e9<\/a><\/div><a href=\"https:\/\/hijasdesanjose.org\/en\/project\/dichoso-tu-jose\/\" class=\"title-link\"><h2 class=\"title\">Dichoso, t\u00fa, Jos\u00e9<\/h2><\/a><\/div><a href=\"https:\/\/hijasdesanjose.org\/en\/project\/dichoso-tu-jose\/\" class=\"readmore\" title=\"Dichoso, t\u00fa, Jos\u00e9\"><span class=\"ion-ios-plus-empty\"><\/span><\/a><\/div><\/div><div class=\"grid-item item-skin-default leer san-jose\"><div class=\"item-inner\"><div class=\"portfolio-thumbnail\" style=\"background: #333;\"><img decoding=\"async\" src=\"https:\/\/hijasdesanjose.org\/wp-content\/uploads\/2021\/02\/mountaineering-455338_1920-614x346.jpg\" alt=\"#\"><\/div><div class=\"entry-content\"><div class=\"cat-meta\"><a href=\"https:\/\/hijasdesanjose.org\/en\/portfolio\/leer\/\" rel=\"tag\">Leer<\/a>, <a href=\"https:\/\/hijasdesanjose.org\/en\/portfolio\/san-jose\/\" rel=\"tag\">San Jos\u00e9<\/a><\/div><a href=\"https:\/\/hijasdesanjose.org\/en\/project\/jose-peregrino\/\" class=\"title-link\"><h2 class=\"title\">Jos\u00e9, peregrino<\/h2><\/a><\/div><a href=\"https:\/\/hijasdesanjose.org\/en\/project\/jose-peregrino\/\" class=\"readmore\" title=\"Jos\u00e9, peregrino\"><span class=\"ion-ios-plus-empty\"><\/span><\/a><\/div><\/div><div class=\"grid-item item-skin-default orar san-jose\"><div class=\"item-inner\"><div class=\"portfolio-thumbnail\" style=\"background: #333;\"><img decoding=\"async\" src=\"https:\/\/hijasdesanjose.org\/wp-content\/uploads\/2020\/04\/SUSANA-614x346.jpg\" alt=\"#\"><\/div><div class=\"entry-content\"><div class=\"cat-meta\"><a href=\"https:\/\/hijasdesanjose.org\/en\/portfolio\/orar\/\" rel=\"tag\">Orar<\/a>, <a href=\"https:\/\/hijasdesanjose.org\/en\/portfolio\/san-jose\/\" rel=\"tag\">San Jos\u00e9<\/a><\/div><a href=\"https:\/\/hijasdesanjose.org\/en\/project\/a-partir-de-mi-silencio\/\" class=\"title-link\"><h2 class=\"title\">A partir de mi silencio<\/h2><\/a><\/div><a href=\"https:\/\/hijasdesanjose.org\/en\/project\/a-partir-de-mi-silencio\/\" class=\"readmore\" title=\"A partir de mi silencio\"><span class=\"ion-ios-plus-empty\"><\/span><\/a><\/div><\/div><div class=\"grid-item item-skin-default orar san-jose\"><div class=\"item-inner\"><div class=\"portfolio-thumbnail\" style=\"background: #333;\"><img decoding=\"async\" src=\"https:\/\/hijasdesanjose.org\/wp-content\/uploads\/2020\/04\/IMG-20190828-WA0152-614x346.jpg\" alt=\"#\"><\/div><div class=\"entry-content\"><div class=\"cat-meta\"><a href=\"https:\/\/hijasdesanjose.org\/en\/portfolio\/orar\/\" rel=\"tag\">Orar<\/a>, <a href=\"https:\/\/hijasdesanjose.org\/en\/portfolio\/san-jose\/\" rel=\"tag\">San Jos\u00e9<\/a><\/div><a href=\"https:\/\/hijasdesanjose.org\/en\/project\/era-un-sencillo-obrero\/\" class=\"title-link\"><h2 class=\"title\">Era un sencillo obrero&#8230;<\/h2><\/a><\/div><a href=\"https:\/\/hijasdesanjose.org\/en\/project\/era-un-sencillo-obrero\/\" class=\"readmore\" title=\"Era un sencillo obrero&#8230;\"><span class=\"ion-ios-plus-empty\"><\/span><\/a><\/div><\/div><div class=\"grid-item item-skin-default orar san-jose\"><div class=\"item-inner\"><div class=\"portfolio-thumbnail\" style=\"background: #333;\"><img decoding=\"async\" src=\"https:\/\/hijasdesanjose.org\/wp-content\/uploads\/2021\/02\/hands-918774_1920-614x346.jpg\" alt=\"#\"><\/div><div class=\"entry-content\"><div class=\"cat-meta\"><a href=\"https:\/\/hijasdesanjose.org\/en\/portfolio\/orar\/\" rel=\"tag\">Orar<\/a>, <a href=\"https:\/\/hijasdesanjose.org\/en\/portfolio\/san-jose\/\" rel=\"tag\">San Jos\u00e9<\/a><\/div><a href=\"https:\/\/hijasdesanjose.org\/en\/project\/san-jose-bendito-cuida-de-nosotros\/\" class=\"title-link\"><h2 class=\"title\">San Jos\u00e9 bendito, cuida de nosotros<\/h2><\/a><\/div><a href=\"https:\/\/hijasdesanjose.org\/en\/project\/san-jose-bendito-cuida-de-nosotros\/\" class=\"readmore\" title=\"San Jos\u00e9 bendito, cuida de nosotros\"><span class=\"ion-ios-plus-empty\"><\/span><\/a><\/div><\/div><div class=\"grid-item item-skin-default leer san-jose\"><div class=\"item-inner\"><div class=\"portfolio-thumbnail\" style=\"background: #333;\"><img decoding=\"async\" src=\"https:\/\/hijasdesanjose.org\/wp-content\/uploads\/2021\/03\/flores-osera-614x346.jpeg\" alt=\"#\"><\/div><div class=\"entry-content\"><div class=\"cat-meta\"><a href=\"https:\/\/hijasdesanjose.org\/en\/portfolio\/leer\/\" rel=\"tag\">Leer<\/a>, <a href=\"https:\/\/hijasdesanjose.org\/en\/portfolio\/san-jose\/\" rel=\"tag\">San Jos\u00e9<\/a><\/div><a href=\"https:\/\/hijasdesanjose.org\/en\/project\/le-pondras-por-nombre-jesus\/\" class=\"title-link\"><h2 class=\"title\">Le pondr\u00e1s por nombre Jes\u00fas&#8230;<\/h2><\/a><\/div><a href=\"https:\/\/hijasdesanjose.org\/en\/project\/le-pondras-por-nombre-jesus\/\" class=\"readmore\" title=\"Le pondr\u00e1s por nombre Jes\u00fas&#8230;\"><span class=\"ion-ios-plus-empty\"><\/span><\/a><\/div><\/div><div class=\"grid-item item-skin-default orar san-jose\"><div class=\"item-inner\"><div class=\"portfolio-thumbnail\" style=\"background: #333;\"><img decoding=\"async\" src=\"https:\/\/hijasdesanjose.org\/wp-content\/uploads\/2019\/03\/silhouette-1082129_1920-614x346.jpg\" alt=\"#\"><\/div><div class=\"entry-content\"><div class=\"cat-meta\"><a href=\"https:\/\/hijasdesanjose.org\/en\/portfolio\/orar\/\" rel=\"tag\">Orar<\/a>, <a href=\"https:\/\/hijasdesanjose.org\/en\/portfolio\/san-jose\/\" rel=\"tag\">San Jos\u00e9<\/a><\/div><a href=\"https:\/\/hijasdesanjose.org\/en\/project\/bienaventurado-jose\/\" class=\"title-link\"><h2 class=\"title\">Bienaventurado Jos\u00e9<\/h2><\/a><\/div><a href=\"https:\/\/hijasdesanjose.org\/en\/project\/bienaventurado-jose\/\" class=\"readmore\" title=\"Bienaventurado Jos\u00e9\"><span class=\"ion-ios-plus-empty\"><\/span><\/a><\/div><\/div><div class=\"grid-item item-skin-default orar san-jose\"><div class=\"item-inner\"><div class=\"portfolio-thumbnail\" style=\"background: #333;\"><img decoding=\"async\" src=\"https:\/\/hijasdesanjose.org\/wp-content\/uploads\/2019\/03\/carpintero-614x346.jpg\" alt=\"#\"><\/div><div class=\"entry-content\"><div class=\"cat-meta\"><a href=\"https:\/\/hijasdesanjose.org\/en\/portfolio\/orar\/\" rel=\"tag\">Orar<\/a>, <a href=\"https:\/\/hijasdesanjose.org\/en\/portfolio\/san-jose\/\" rel=\"tag\">San Jos\u00e9<\/a><\/div><a href=\"https:\/\/hijasdesanjose.org\/en\/project\/magnificat-de-san-jose\/\" class=\"title-link\"><h2 class=\"title\">Magn\u00edficat de San Jos\u00e9<\/h2><\/a><\/div><a href=\"https:\/\/hijasdesanjose.org\/en\/project\/magnificat-de-san-jose\/\" class=\"readmore\" title=\"Magn\u00edficat de San Jos\u00e9\"><span class=\"ion-ios-plus-empty\"><\/span><\/a><\/div><\/div><div class=\"grid-item item-skin-default orar san-jose\"><div class=\"item-inner\"><div class=\"portfolio-thumbnail\" style=\"background: #333;\"><img decoding=\"async\" src=\"https:\/\/hijasdesanjose.org\/wp-content\/uploads\/2019\/03\/Jos\u00e9-Jes\u00fas-trabaj.OBrien-466x346.jpg\" alt=\"#\"><\/div><div class=\"entry-content\"><div class=\"cat-meta\"><a href=\"https:\/\/hijasdesanjose.org\/en\/portfolio\/orar\/\" rel=\"tag\">Orar<\/a>, <a href=\"https:\/\/hijasdesanjose.org\/en\/portfolio\/san-jose\/\" rel=\"tag\">San Jos\u00e9<\/a><\/div><a href=\"https:\/\/hijasdesanjose.org\/en\/project\/el-carpintero\/\" class=\"title-link\"><h2 class=\"title\">El Carpintero<\/h2><\/a><\/div><a href=\"https:\/\/hijasdesanjose.org\/en\/project\/el-carpintero\/\" class=\"readmore\" title=\"El Carpintero\"><span class=\"ion-ios-plus-empty\"><\/span><\/a><\/div><\/div><div class=\"grid-item item-skin-default orar san-jose\"><div class=\"item-inner\"><div class=\"portfolio-thumbnail\" style=\"background: #333;\"><img decoding=\"async\" src=\"https:\/\/hijasdesanjose.org\/wp-content\/uploads\/2019\/03\/Jes\u00fas-estren\u00f3-614x346.jpg\" alt=\"#\"><\/div><div class=\"entry-content\"><div class=\"cat-meta\"><a href=\"https:\/\/hijasdesanjose.org\/en\/portfolio\/orar\/\" rel=\"tag\">Orar<\/a>, <a href=\"https:\/\/hijasdesanjose.org\/en\/portfolio\/san-jose\/\" rel=\"tag\">San Jos\u00e9<\/a><\/div><a href=\"https:\/\/hijasdesanjose.org\/en\/project\/jose\/\" class=\"title-link\"><h2 class=\"title\">Jos\u00e9<\/h2><\/a><\/div><a href=\"https:\/\/hijasdesanjose.org\/en\/project\/jose\/\" class=\"readmore\" title=\"Jos\u00e9\"><span class=\"ion-ios-plus-empty\"><\/span><\/a><\/div><\/div><div class=\"grid-item item-skin-default orar san-jose\"><div class=\"item-inner\"><div class=\"portfolio-thumbnail\" style=\"background: #333;\"><img decoding=\"async\" src=\"https:\/\/hijasdesanjose.org\/wp-content\/uploads\/2019\/03\/img009-614x346.jpg\" alt=\"#\"><\/div><div class=\"entry-content\"><div class=\"cat-meta\"><a href=\"https:\/\/hijasdesanjose.org\/en\/portfolio\/orar\/\" rel=\"tag\">Orar<\/a>, <a href=\"https:\/\/hijasdesanjose.org\/en\/portfolio\/san-jose\/\" rel=\"tag\">San Jos\u00e9<\/a><\/div><a href=\"https:\/\/hijasdesanjose.org\/en\/project\/ensenanos-jose\/\" class=\"title-link\"><h2 class=\"title\">Ens\u00e9\u00f1anos Jos\u00e9<\/h2><\/a><\/div><a href=\"https:\/\/hijasdesanjose.org\/en\/project\/ensenanos-jose\/\" class=\"readmore\" title=\"Ens\u00e9\u00f1anos Jos\u00e9\"><span class=\"ion-ios-plus-empty\"><\/span><\/a><\/div><\/div>    <\/div>\n  <\/div>\n<\/div>\n[\/vc_column][\/vc_row][\/vc_section][vc_row][vc_column][vc_custom_heading text=&#8221;Juntos acudimos a Jos\u00e9&#8221; font_container=&#8221;tag:h2|text_align:left|color:%23000000&#8243; use_theme_fonts=&#8221;yes&#8221;][\/vc_column][\/vc_row][vc_row][vc_column][vc_column_text]Jaculatorias en tiempos de pandemia (mayo 2020)[\/vc_column_text][\/vc_column][\/vc_row][vc_row][vc_column width=&#8221;1\/2&#8243;][vc_video link=&#8221;https:\/\/www.youtube.com\/watch?v=PhX5IFxruu4&#038;feature=emb_logo&#8221; align=&#8221;center&#8221; css_animation=&#8221;fadeIn&#8221;][\/vc_column][vc_column width=&#8221;1\/2&#8243;][vc_video link=&#8221;https:\/\/www.youtube.com\/watch?v=0R0595WgZ6o&#038;feature=emb_logo&#8221; align=&#8221;center&#8221; css_animation=&#8221;fadeIn&#8221;][\/vc_column][\/vc_row][vc_row][vc_column width=&#8221;1\/2&#8243;][vc_video link=&#8221;https:\/\/www.youtube.com\/watch?v=1FQiTV8TqoE&#038;feature=emb_logo&#8221; align=&#8221;center&#8221;][\/vc_column][vc_column width=&#8221;1\/2&#8243;][vc_video link=&#8221;https:\/\/www.youtube.com\/watch?v=RpH_nARIRE8&#038;feature=emb_logo&#8221; align=&#8221;center&#8221;][\/vc_column][\/vc_row]<\/p>\n","protected":false},"excerpt":{"rendered":"<p>[vc_row full_width=&#8221;stretch_row_content_no_spaces&#8221; css=&#8221;.vc_custom_1490366132939{margin-top: 0px !important;padding-top: 0px !important;}&#8221;][vc_column][\/vc_column][\/vc_row][vc_section full_width=&#8221;stretch_row&#8221; video_bg=&#8221;yes&#8221; video_bg_url=&#8221;https:\/\/www.youtube.com\/watch?v=6koL1_SfHV0&amp;feature=youtu.be&#8221; css=&#8221;.vc_custom_1613899983166{padding-top: 20vh !important;padding-bottom: 20vh !important;background-color: #ededed !important;background-position: center !important;background-repeat: no-repeat&hellip;<\/p>\n","protected":false},"author":1,"featured_media":0,"parent":0,"menu_order":0,"comment_status":"closed","ping_status":"closed","template":"","meta":{"give_campaign_id":0,"_exactmetrics_skip_tracking":false,"_exactmetrics_sitenote_active":false,"_exactmetrics_sitenote_note":"","_exactmetrics_sitenote_category":0,"footnotes":""},"class_list":["post-14873","page","type-page","status-publish","hentry"],"campaignId":"","brizy_media":[],"_links":{"self":[{"href":"https:\/\/hijasdesanjose.org\/en\/wp-json\/wp\/v2\/pages\/14873","targetHints":{"allow":["GET"]}}],"collection":[{"href":"https:\/\/hijasdesanjose.org\/en\/wp-json\/wp\/v2\/pages"}],"about":[{"href":"https:\/\/hijasdesanjose.org\/en\/wp-json\/wp\/v2\/types\/page"}],"author":[{"embeddable":true,"href":"https:\/\/hijasdesanjose.org\/en\/wp-json\/wp\/v2\/users\/1"}],"replies":[{"embeddable":true,"href":"https:\/\/hijasdesanjose.org\/en\/wp-json\/wp\/v2\/comments?post=14873"}],"version-history":[{"count":8,"href":"https:\/\/hijasdesanjose.org\/en\/wp-json\/wp\/v2\/pages\/14873\/revisions"}],"predecessor-version":[{"id":15939,"href":"https:\/\/hijasdesanjose.org\/en\/wp-json\/wp\/v2\/pages\/14873\/revisions\/15939"}],"wp:attachment":[{"href":"https:\/\/hijasdesanjose.org\/en\/wp-json\/wp\/v2\/media?parent=14873"}],"curies":[{"name":"wp","href":"https:\/\/api.w.org\/{rel}","templated":true}]}}