{"id":16063,"date":"2021-03-23T15:35:13","date_gmt":"2021-03-23T15:35:13","guid":{"rendered":"https:\/\/hijasdesanjose.org\/?page_id=16063"},"modified":"2021-03-23T16:34:15","modified_gmt":"2021-03-23T16:34:15","slug":"ano-josefino-1911","status":"publish","type":"page","link":"https:\/\/hijasdesanjose.org\/en\/ano-josefino-1911\/","title":{"rendered":"A\u00f1o josefino, 1911"},"content":{"rendered":"<p>[vc_row][vc_column][vc_custom_heading text=&#8221;A\u00f1o josefino, 1911&#8243; use_theme_fonts=&#8221;yes&#8221;][vc_column_text css=&#8221;.vc_custom_1616514508478{margin-top: 80px !important;margin-bottom: 10px !important;}&#8221;]En el a\u00f1o 1911, se publica el libro titulado \u201cA\u00f1o josefino\u201d. Como anuncia el editor, Federico Pustet, en la primera p\u00e1gina, se trata de unas consideraciones sobre San Jos\u00e9, recopiladas de varios autores y distribuidas para todos los d\u00edas del a\u00f1o.<\/p>\n<p class=\"wp-block-paragraph\">Si aqu\u00ed hacemos referencia a dicha obra, es porque en las p\u00e1ginas de este librito, en varias ocasiones, el editor cita al P.Buti\u00f1\u00e1.<br \/>\nNos parece importante que, varios a\u00f1os despu\u00e9s de su muerte, el P. Buti\u00f1\u00e1 siguiera siendo una autoridad en cuanto al estudio de la figura de San Jos\u00e9. Sin duda, el esfuerzo que hab\u00eda hecho durante toda su vida, de acercar la figura de San Jos\u00e9 a los trabajadores y procurar extender la devoci\u00f3n al Santo Patriarca, segu\u00eda dando frutos.<\/p>\n<p class=\"wp-block-paragraph\">En este espacio, transcribiremos algunos p\u00e1rrafos del P. Buti\u00f1\u00e1 que el editor del A\u00f1o Josefino recoge en esta obra. Es un modo de dejar constancia del impacto hist\u00f3rico y teol\u00f3gico de la obra escrita del P. Buti\u00f1\u00e1.<\/p>\n<p class=\"wp-block-paragraph\"><br \/>\n<br \/>\n&nbsp;[\/vc_column_text][\/vc_column][\/vc_row][vc_row gap=&#8221;35&#8243;][vc_column width=&#8221;1\/2&#8243; css=&#8221;.vc_custom_1616514122104{border-top-width: 5px !important;border-right-width: 5px !important;border-bottom-width: 5px !important;border-left-width: 5px !important;border-left-color: #8c271c !important;border-left-style: solid !important;border-right-color: #8c271c !important;border-right-style: solid !important;border-top-color: #8c271c !important;border-top-style: solid !important;border-bottom-color: #8c271c !important;border-bottom-style: solid !important;border-radius: 10px !important;}&#8221;][vc_column_text css=&#8221;.vc_custom_1616514038614{padding-top: 10px !important;padding-right: 10px !important;padding-bottom: 10px !important;padding-left: 10px !important;}&#8221;]Escribe el P. Buti\u00f1\u00e1: \u201cY \u00bfqui\u00e9n no admira a San Jos\u00e9 puesto siempre al lado de Mar\u00eda en los diferentes lugares del Evangelio? Si registramos las veces que las sagradas Escrituras nombran al Santo Patriarca y a la Sant\u00edsima Virgen mientras vivieron juntos en la tierra, hallaremos que los nombres de Mar\u00eda y de Jos\u00e9 son como dos cuerdas arm\u00f3nicas de las que no puede vibrar la una sin resonar la otra\u201d (A\u00f1o Josefino, p\u00e1g. 8)[\/vc_column_text][\/vc_column][vc_column width=&#8221;1\/2&#8243; css=&#8221;.vc_custom_1616514350954{margin-top: 100px !important;border-top-width: 5px !important;border-right-width: 5px !important;border-bottom-width: 5px !important;border-left-width: 5px !important;border-left-color: #8c271c !important;border-left-style: solid !important;border-right-color: #8c271c !important;border-right-style: solid !important;border-top-color: #8c271c !important;border-top-style: solid !important;border-bottom-color: #8c271c !important;border-bottom-style: solid !important;border-radius: 10px !important;}&#8221;][vc_column_text]Dice el P. Buti\u00f1\u00e1: \u201cSi el orgullo nos lleva tras las alabanzas mundanas, Jos\u00e9 las hu\u00eda con empe\u00f1o; si el orgullo detesta las injurias y desprecios, Jos\u00e9 los recib\u00eda con amor y agradecimiento; si el orgullo nos incita a gloriarnos de dones que no son nuestros, San Jos\u00e9 los ocultaba bajo el velo de una vida escondida; si el orgullo nos empuja en pos de novedades vanas, Jos\u00e9 se gozaba en la modestia y en el retiro; si el orgullo ense\u00f1a a encubrir vicios reales con el manto de virtudes aparentes, Jos\u00e9 entreg\u00e1ndose a virtudes s\u00f3lidas, no deseaba otro testigo que a Dios; si el orgullo engendra envidia y desobediencia, Jos\u00e9 se gozaba en la sumisi\u00f3n y en la prosperidad del pr\u00f3jimo\u201d (A\u00f1o Josefino, p\u00e1g. 40).[\/vc_column_text][\/vc_column][\/vc_row][vc_row gap=&#8221;35&#8243; css=&#8221;.vc_custom_1616517249734{margin-top: 30px !important;}&#8221;][vc_column width=&#8221;1\/2&#8243; css=&#8221;.vc_custom_1616514122104{border-top-width: 5px !important;border-right-width: 5px !important;border-bottom-width: 5px !important;border-left-width: 5px !important;border-left-color: #8c271c !important;border-left-style: solid !important;border-right-color: #8c271c !important;border-right-style: solid !important;border-top-color: #8c271c !important;border-top-style: solid !important;border-bottom-color: #8c271c !important;border-bottom-style: solid !important;border-radius: 10px !important;}&#8221;][vc_column_text css=&#8221;.vc_custom_1616514443262{padding-top: 10px !important;padding-right: 10px !important;padding-bottom: 10px !important;padding-left: 10px !important;}&#8221;]Dice el P.Buti\u00f1\u00e1: \u201cEn todos tiempos desde Jesucristo, nuestro Bien, hasta nuestros d\u00edas el glorioso nombre del just\u00edsimo Patriarca San Jos\u00e9 fue por todos tenido en gran estima y veneraci\u00f3n; mas no en todos tiempos se tribut\u00f3 al Padre virginal de Jes\u00fas un culto tan magn\u00edfico y esplendente, como a su gloria y santidad correspond\u00eda\u201d (A\u00f1o Josefino, p\u00e1g. 49).[\/vc_column_text][\/vc_column][vc_column width=&#8221;1\/2&#8243; css=&#8221;.vc_custom_1616514350954{margin-top: 100px !important;border-top-width: 5px !important;border-right-width: 5px !important;border-bottom-width: 5px !important;border-left-width: 5px !important;border-left-color: #8c271c !important;border-left-style: solid !important;border-right-color: #8c271c !important;border-right-style: solid !important;border-top-color: #8c271c !important;border-top-style: solid !important;border-bottom-color: #8c271c !important;border-bottom-style: solid !important;border-radius: 10px !important;}&#8221;][vc_column_text]El P. Buti\u00f1\u00e1, hablando de las im\u00e1genes de Ni\u00f1o Jes\u00fas con Mar\u00eda y Jos\u00e9, hallados en los sepulcros de las catacumbas de Roma, describe de ellas y dice: \u201cPor los a\u00f1os 1849 descubri\u00f3se en el fondo de una cripta un fresco, que es una de las m\u00e1s bellas pinturas de aquellos subterr\u00e1neos, y representa magistralmente el hallazgo del Ni\u00f1o Jes\u00fas disputado con los doctores de la ley. A la derecha del Ni\u00f1o Dios est\u00e1n San Jos\u00e9 y la Virgen, como ext\u00e1ticos, por la alegr\u00eda de haber hallado prenda tan querida de sus corazones. \u00bfC\u00f3mo es, pues, admisible que teniendo aquellos primeros y fervorosos fieles continuamente ante sus ojos en tan expresivos cuadros a nuestro angelical Patriarca, como a uno de los principales actores de tan dulces misterios, no sintieran en sus almas filial cari\u00f1o y tierna devoci\u00f3n para con el amant\u00edsimo Sost\u00e9n de Jesucristo?\u201d (A\u00f1o josefino, p\u00e1g. 52)[\/vc_column_text][\/vc_column][\/vc_row]<\/p>\n","protected":false},"excerpt":{"rendered":"<p>[vc_row][vc_column][vc_custom_heading text=&#8221;A\u00f1o josefino, 1911&#8243; use_theme_fonts=&#8221;yes&#8221;][vc_column_text css=&#8221;.vc_custom_1616514508478{margin-top: 80px !important;margin-bottom: 10px !important;}&#8221;]En el a\u00f1o 1911, se publica el libro titulado \u201cA\u00f1o josefino\u201d.&hellip;<\/p>\n","protected":false},"author":1,"featured_media":0,"parent":0,"menu_order":0,"comment_status":"closed","ping_status":"closed","template":"","meta":{"give_campaign_id":0,"_exactmetrics_skip_tracking":false,"_exactmetrics_sitenote_active":false,"_exactmetrics_sitenote_note":"","_exactmetrics_sitenote_category":0,"footnotes":""},"class_list":["post-16063","page","type-page","status-publish","hentry"],"campaignId":"","brizy_media":[],"_links":{"self":[{"href":"https:\/\/hijasdesanjose.org\/en\/wp-json\/wp\/v2\/pages\/16063","targetHints":{"allow":["GET"]}}],"collection":[{"href":"https:\/\/hijasdesanjose.org\/en\/wp-json\/wp\/v2\/pages"}],"about":[{"href":"https:\/\/hijasdesanjose.org\/en\/wp-json\/wp\/v2\/types\/page"}],"author":[{"embeddable":true,"href":"https:\/\/hijasdesanjose.org\/en\/wp-json\/wp\/v2\/users\/1"}],"replies":[{"embeddable":true,"href":"https:\/\/hijasdesanjose.org\/en\/wp-json\/wp\/v2\/comments?post=16063"}],"version-history":[{"count":3,"href":"https:\/\/hijasdesanjose.org\/en\/wp-json\/wp\/v2\/pages\/16063\/revisions"}],"predecessor-version":[{"id":16073,"href":"https:\/\/hijasdesanjose.org\/en\/wp-json\/wp\/v2\/pages\/16063\/revisions\/16073"}],"wp:attachment":[{"href":"https:\/\/hijasdesanjose.org\/en\/wp-json\/wp\/v2\/media?parent=16063"}],"curies":[{"name":"wp","href":"https:\/\/api.w.org\/{rel}","templated":true}]}}